{"id":147,"date":"2010-08-30T02:05:01","date_gmt":"2010-08-30T05:05:01","guid":{"rendered":"http:\/\/tedxportoalegre.com.br\/2010\/"},"modified":"2013-04-14T21:33:32","modified_gmt":"2013-04-15T00:33:32","slug":"palestrantes","status":"publish","type":"page","link":"https:\/\/tedxportoalegre.com.br\/2010\/palestrantes\/","title":{"rendered":"Palestrantes"},"content":{"rendered":"<div id=\"speaker\">\n<p>Assim como em todo evento TED ou TEDx, as palestras ser\u00e3o a ess\u00eancia do <strong>TEDxPortoAlegre <\/strong>. Ao todo, 20 pessoas subir\u00e3o ao palco para expor, explicar e conquistar o p\u00fablico com as paix\u00f5es que os inspiram &#8211; e sem cobrar nada por isso. Confira abaixo os palestrantes j\u00e1 confirmados, al\u00e9m da nossa mestre de cerim\u00f4nias:<\/p>\n<hr style=\"width: 100%; visibility: hidden; clear: both;\" \/>\n<h2 style=\"text-align: left;\"><span style=\"font-weight: normal;\">Mestre<strong>de<\/strong>Cerim\u00f4nias<\/span><\/h2>\n<h2 style=\"text-align: right;\"><span style=\"font-weight: normal;\">Renata<\/span>Sim\u00f5es<\/h2>\n<p><span style=\"position: relative; float: left; z-index: 10;\"><img data-recalc-dims=\"1\" decoding=\"async\" class=\"galleryImageBorder\" style=\"margin: 5px 10px 10px 0px; border-width: 1px; padding: 3px;\" alt=\"Picture\" src=\"https:\/\/i0.wp.com\/tedxportoalegre.com.br\/2010\/wp-content\/uploads\/2010\/08\/13_113-renata-simoes-e1289481838100.jpg?w=640\" \/><\/span><\/p>\n<div class=\"paragraph\" style=\"text-align: justify; display: block;\"><strong>Renata Sim\u00f5es<\/strong> trabalha com suas paix\u00f5es: m\u00fasica e entretenimento. A pernambucana com sotaque paulista, ex-rep\u00f3rter do V\u00eddeo Show que j\u00e1 quis ser astronauta, \u00e9 a atual apresentadora do programa Urbano, no Multishow. Renata \u00e9 uma admiradora dos eventos TEDx e vai conduzir a apresenta\u00e7\u00e3o do <strong>TEDxPortoAlegre.<\/strong><\/div>\n<hr style=\"width: 100%; visibility: hidden; clear: both;\" \/>\n<hr style=\"width: 100%; visibility: hidden; clear: both;\" \/>\n<hr style=\"width: 100%; visibility: hidden; clear: both;\" \/>\n<h2 style=\"text-align: left;\"><span style=\"font-weight: normal;\">Palestrantes<\/span><\/h2>\n<p>&nbsp;<\/p>\n<h2 style=\"text-align: right;\"><span style=\"font-weight: normal;\">Fabiana<\/span>Maioli<\/h2>\n<p><span style=\"position: relative; float: left; z-index: 10;\"><img data-recalc-dims=\"1\" decoding=\"async\" class=\"galleryImageBorder\" style=\"margin: 5px 10px 10px 0px; border-width: 1px; padding: 3px;\" alt=\"Picture\" src=\"https:\/\/i0.wp.com\/tedxportoalegre.com.br\/2010\/wp-content\/uploads\/2010\/08\/DSC_2613-e1289530562899.jpg?w=640\" \/><\/span><\/p>\n<div class=\"paragraph\" style=\"text-align: justify; display: block;\"><strong>Fabiana Maioli<\/strong> \u00e9 designer e pesquisadora de tend\u00eancias, ga\u00facha de Bento Gon\u00e7alves que vive entre Mil\u00e3o e Porto Alegre. Depois de um longo per\u00edodo atuando como designer no Brasil, EUA, Peru e Argentina no desenvolvimento de produtos, na doc\u00eancia universit\u00e1ria e na pesquisa de tend\u00eancias, resolveu se presentear com um ano sab\u00e1tico na Europa para encontrar seus mestres e foi a\u00ed que se apaixonou ainda mais pelas \u00e1reas de criatividade, inova\u00e7\u00e3o e design. Hoje Fabiana gosta de se definir como uma \u201cdesigner de palavras, construtora de conhecimento\u201d: \u00e9 consultora na Pesquisa e An\u00e1lise de Tend\u00eancias e Cen\u00e1rios Futuros em Tea Trends, na It\u00e1lia, e tamb\u00e9m designer jornalista da Revista Decore e da \u00c1rea Magazine, no Brasil.<\/div>\n<hr style=\"width: 100%; visibility: hidden; clear: both;\" \/>\n<hr style=\"width: 100%; visibility: hidden; clear: both;\" \/>\n<p>&nbsp;<\/p>\n<h2 style=\"text-align: right;\"><span style=\"font-weight: normal;\">Carmela<\/span>Gr\u00fcne<\/h2>\n<p><span style=\"position: relative; float: left; z-index: 10;\"><img data-recalc-dims=\"1\" decoding=\"async\" class=\"galleryImageBorder\" style=\"margin: 5px 10px 10px 0px; border-width: 1px; padding: 3px;\" alt=\"Picture\" src=\"https:\/\/i0.wp.com\/tedxportoalegre.com.br\/2010\/wp-content\/uploads\/2010\/08\/Carmela-e1289233877386.jpg?w=640\" \/><\/span><\/p>\n<div class=\"paragraph\" style=\"text-align: justify; display: block;\"><strong>Carmela Gr\u00fcne<\/strong> \u00e9 jornalista, advogada, mestranda em Direitos Sociais e Pol\u00edticas P\u00fablicas pela UNISC, criadora e editora do Jornal Estado de Direito. Tamb\u00e9m \u00e9 idealizadora do projeto Papo Jur\u00eddico desenvolvido dentro do Praia de Belas Shopping e do Projeto Desmitificando o Direito realizado nas Livrarias Saraiva, ambas atividades culturais voltadas para a populariza\u00e7\u00e3o do Direito. &#8220;O dia que o Direito caiu no samba: o poder da sociedade para transforma\u00e7\u00e3o do Direito&#8221; ser\u00e1 o tema da palestra de Carmela no TEDxPortoAlegre.<\/div>\n<hr style=\"width: 100%; visibility: hidden; clear: both;\" \/>\n<hr style=\"width: 100%; visibility: hidden; clear: both;\" \/>\n<p>&nbsp;<\/p>\n<h2 style=\"text-align: right;\"><span style=\"font-weight: normal;\">Eva<\/span>Sopher<\/h2>\n<p><span style=\"position: relative; float: left; z-index: 10;\"><img data-recalc-dims=\"1\" decoding=\"async\" class=\"galleryImageBorder\" style=\"margin: 5px 10px 10px 0px; border-width: 1px; padding: 3px;\" alt=\"Picture\" src=\"https:\/\/i0.wp.com\/tedxportoalegre.com.br\/2010\/wp-content\/uploads\/2010\/08\/EVA-SOPHER_foto-Joao-Antonio-Porto44444444444441-e1289241524819.jpg?w=640\" \/><\/span><\/p>\n<div class=\"paragraph\" style=\"text-align: justify; display: block;\"><strong>Eva Sopher<\/strong> nasceu na Alemanha e emigrou para o Brasil aos 13 anos fugindo da persegui\u00e7\u00e3o nazista. No Rio e em S\u00e3o Paulo estudou artes, mas foi a partir da vinda para Porto Alegre, em 1960, que seu trabalho ganhou maior destaque. Reorganizou a Pr\u00f3-Arte Sociedade de Artes Letras e Ci\u00eancias na capital ga\u00facha e, a pedido do ent\u00e3o governador do Estado, assumiu em 1975 a dire\u00e7\u00e3o do Theatro S\u00e3o Pedro com a miss\u00e3o de comandar sua restaura\u00e7\u00e3o. A obra foi entregue \u00e0 comunidade em 1984 e, desde ent\u00e3o, Eva preside a Funda\u00e7\u00e3o Theatro S\u00e3o Pedro, um dos maiores complexos culturais da Am\u00e9rica Latina.<\/div>\n<hr style=\"width: 100%; visibility: hidden; clear: both;\" \/>\n<hr style=\"width: 100%; visibility: hidden; clear: both;\" \/>\n<p>&nbsp;<\/p>\n<h2 style=\"text-align: right;\"><span style=\"font-weight: normal;\">L\u00e9a<\/span>Fagundes<\/h2>\n<p><span style=\"position: relative; float: left; z-index: 10;\"><img data-recalc-dims=\"1\" decoding=\"async\" class=\"galleryImageBorder\" style=\"margin: 5px 10px 10px 0px; border-width: 1px; padding: 3px;\" alt=\"Picture\" src=\"https:\/\/i0.wp.com\/tedxportoalegre.com.br\/2010\/wp-content\/uploads\/2010\/08\/com-lea-fagundes458-e1289353379139.jpg?w=640\" \/><\/span><\/p>\n<div class=\"paragraph\" style=\"text-align: justify; display: block;\"><strong>L\u00e9a Fagundes<\/strong> \u00e9 psic\u00f3loga, pedagoga, professora h\u00e1 mais de 60 anos e pioneira no uso da inform\u00e1tica educacional no Brasil. Entusiasta dos softwares livres, L\u00e9a \u00e9 fundadora e coordenadora de pesquisas do Laborat\u00f3rio de Estudos Cognitivos da UFRGS e, desde 1994, integra o Comit\u00ea Assessor em Inform\u00e1tica e Educa\u00e7\u00e3o do Minist\u00e9rio da Educa\u00e7\u00e3o. J\u00e1 foi premiada pela UNESCO por sua produ\u00e7\u00e3o nas \u00e1reas de Informa\u00e7\u00e3o e Comunica\u00e7\u00e3o e tamb\u00e9m j\u00e1 coordenou projetos envolvendo sistemas educacionais em grande escala, incluindo o programa Um Computador por Aluno.<\/div>\n<hr style=\"width: 100%; visibility: hidden; clear: both;\" \/>\n<hr style=\"width: 100%; visibility: hidden; clear: both;\" \/>\n<p>&nbsp;<\/p>\n<h2 style=\"text-align: right;\"><span style=\"font-weight: normal;\">Ot\u00e1vio<\/span>Urquiza<\/h2>\n<p><span style=\"position: relative; float: left; z-index: 10;\"><img data-recalc-dims=\"1\" decoding=\"async\" class=\"galleryImageBorder\" style=\"margin: 5px 10px 10px 0px; border-width: 1px; padding: 3px;\" alt=\"Picture\" src=\"https:\/\/i0.wp.com\/tedxportoalegre.com.br\/2010\/wp-content\/uploads\/2010\/08\/OUrquiza101030_183451Stein.jpg?w=640\" \/><\/span><\/p>\n<div class=\"paragraph\" style=\"text-align: justify; display: block;\"><strong>Ot\u00e1vio Urquiza<\/strong> desenvolve projetos voltados \u00e0 pr\u00e1tica cooperativista e ecol\u00f3gica. Arquiteto formado pela Unisinos, em 1992 fundou com outros profissionais a Cooperativa de Trabalho Transdisciplinar Arcoo Ltda. Considerado o pioneiro do paisagismo produtivo, Urquiza acredita que a ecologia nos ensina a coletiviza\u00e7\u00e3o e a interdepend\u00eancia, o que torna uma arquitetura sustent\u00e1vel. J\u00e1 recebeu o Pr\u00eamio Ecologista do Ano Jos\u00e9 Lutzenberger e foi o respons\u00e1vel t\u00e9cnico da Arcoo na produ\u00e7\u00e3o das Eccovilas: condom\u00ednios localizados em Porto Alegre que s\u00e3o totalmente voltados para a constru\u00e7\u00e3o sustent\u00e1vel.<\/div>\n<hr style=\"width: 100%; visibility: hidden; clear: both;\" \/>\n<hr style=\"width: 100%; visibility: hidden; clear: both;\" \/>\n<p>&nbsp;<\/p>\n<h2 style=\"text-align: right;\"><span style=\"font-weight: normal;\">Rosina<\/span>Duarte<\/h2>\n<p><span style=\"position: relative; float: left; z-index: 10;\"><img data-recalc-dims=\"1\" decoding=\"async\" class=\"galleryImageBorder\" style=\"margin: 5px 10px 10px 0px; border-width: 1px; padding: 3px;\" alt=\"Picture\" src=\"https:\/\/i0.wp.com\/tedxportoalegre.com.br\/2010\/wp-content\/uploads\/2010\/08\/rosina1111-e1288751220781.jpg?w=640\" \/><\/span><\/p>\n<div class=\"paragraph\" style=\"text-align: justify; display: block;\"><strong>Rosina Duarte <\/strong>foi rep\u00f3rter durante 15 anos de ve\u00edculos como Zero Hora, Jornal do Com\u00e9rcio, Veja, Isto \u00c9 e Cl\u00e1udia at\u00e9 que resolveu dar um tempo no jornalismo convencional. Em 1999 ajudou a criar a Ag\u00eancia Livre para Informa\u00e7\u00e3o, Cidadania e Educa\u00e7\u00e3o (Alice), que tem por objetivo promover o acesso ao conhecimento de forma democr\u00e1tica e autogestion\u00e1vel. Junto \u00e0 Alice, Rosina coordena e edita diversos ve\u00edculos de comunica\u00e7\u00e3o alternativos, como o Boca de Rua: um jornal inteiramente produzido e vendido por moradores de rua de Porto Alegre.<\/div>\n<hr style=\"width: 100%; visibility: hidden; clear: both;\" \/>\n<hr style=\"width: 100%; visibility: hidden; clear: both;\" \/>\n<h2 style=\"text-align: right;\"><span style=\"font-weight: normal;\">Gil<\/span>Giardelli<\/h2>\n<p><span style=\"position: relative; float: left; z-index: 10;\"><img data-recalc-dims=\"1\" decoding=\"async\" class=\"galleryImageBorder\" style=\"margin: 5px 10px 10px 0px; border-width: 1px; padding: 3px;\" alt=\"Picture\" src=\"https:\/\/i0.wp.com\/tedxportoalegre.com.br\/2010\/wp-content\/uploads\/2010\/08\/Gil-Giardelli-phto-by-Val-Luna-e1288746277443.jpg?w=640\" \/><\/span><\/p>\n<div class=\"paragraph\" style=\"text-align: justify; display: block;\"><strong>Gil Giardelli <\/strong>\u00e9 um dos maiores especialistas brasileiros em cultura digital. J\u00e1 fundou cinco empresas na \u00e1rea e atualmente \u00e9 Diretor Executivo da Gaia Creative, onde implementa a\u00e7\u00f5es de redes sociais e web colaborativa para organiza\u00e7\u00f5es como BMW, Hospital Albert Einstein e Grupo Cruzeiro do Sul. Academicamente, tem seu trabalho voltado para os estudos da Sociedade Imediatista e do Mundo.com. Gil coordena cursos no Centro de Inova\u00e7\u00e3o e Criatividade da ESPM e \u00e9 professor de MBA e P\u00f3s Gradua\u00e7\u00e3o em S\u00e3o Paulo e em Bras\u00edlia.<\/div>\n<hr style=\"width: 100%; visibility: hidden; clear: both;\" \/>\n<hr style=\"width: 100%; visibility: hidden; clear: both;\" \/>\n<h2 style=\"text-align: right;\"><span style=\"font-weight: normal;\">Oskar<\/span>Coester<\/h2>\n<p><span style=\"position: relative; float: left; z-index: 10;\"><img data-recalc-dims=\"1\" decoding=\"async\" class=\"galleryImageBorder\" style=\"margin: 5px 10px 10px 0px; border-width: 1px; padding: 3px;\" alt=\"Picture\" src=\"https:\/\/i0.wp.com\/tedxportoalegre.com.br\/2010\/wp-content\/uploads\/2010\/08\/Foto-Oskar-e1288731242679.jpg?w=640\" \/><\/span><\/p>\n<div class=\"paragraph\" style=\"text-align: justify; display: block;\"><strong>Oskar Coester<\/strong> \u00e9 empres\u00e1rio e inventor. Filho de imigrantes alem\u00e3es, em 1960 ingressou no quadro de funcion\u00e1rios da Varig como t\u00e9cnico e logo em seguida assumiu a chefia do Departamento de Eletr\u00f4nica de Bordo. Com o crescimento da ind\u00fastria naval na d\u00e9cada de 1970, fundou a Coester S.A., atualmente a \u00fanica empresa na Am\u00e9rica Latina que fornece sistemas de navega\u00e7\u00e3o e ecosondas para a Marinha Brasileira. Desde 1963 Oskar tamb\u00e9m vem estudando os problemas relacionados com as dificuldades do transporte urbano e em 1978 sua empresa desenvolveu e construiu em Porto Alegre o primeiro Aerom\u00f3vel do mundo.<\/div>\n<hr style=\"width: 100%; visibility: hidden; clear: both;\" \/>\n<hr style=\"width: 100%; visibility: hidden; clear: both;\" \/>\n<h2 style=\"text-align: right;\"><span style=\"font-weight: normal;\">Wagner<\/span>Salaverry<\/h2>\n<p><span style=\"position: relative; float: left; z-index: 10;\"><img data-recalc-dims=\"1\" decoding=\"async\" class=\"galleryImageBorder\" style=\"margin: 5px 10px 10px 0px; border-width: 1px; padding: 3px;\" alt=\"Picture\" src=\"https:\/\/i0.wp.com\/tedxportoalegre.com.br\/2010\/wp-content\/uploads\/2010\/08\/Wagner002-e1288211865934.jpg?w=640\" \/><\/span><\/p>\n<div class=\"paragraph\" style=\"text-align: justify; display: block;\"><strong>Wagner Salaverry<\/strong> \u00e9 gestor de carteiras e analista de investimento credenciado pela Comiss\u00e3o de Valores Mobili\u00e1rios. Atua no mercado financeiro desde 1999 e atualmente \u00e9 s\u00f3cio diretor do Banco Gera\u00e7\u00e3o Futuro de Investimento, maior institui\u00e7\u00e3o financeira independente brasileira em n\u00famero de clientes \u2013 s\u00e3o mais de 70 mil investidores. Comandando a equipe de analistas do Gera\u00e7\u00e3o Futuro, Wagner acompanha o desempenho e avalia um elevado n\u00famero de companhias abertas com a\u00e7\u00f5es negociadas na Bovespa, participando ativamente das decis\u00f5es de aloca\u00e7\u00e3o dos fundos e clubes administrados pela institui\u00e7\u00e3o.<\/div>\n<hr style=\"width: 100%; visibility: hidden; clear: both;\" \/>\n<hr style=\"width: 100%; visibility: hidden; clear: both;\" \/>\n<h2 style=\"text-align: right;\"><span style=\"font-weight: normal;\">Walmor<\/span>Corr\u00eaa<\/h2>\n<p><span style=\"position: relative; float: left; z-index: 10;\"><img data-recalc-dims=\"1\" decoding=\"async\" class=\"galleryImageBorder\" style=\"margin: 5px 10px 10px 0px; border-width: 1px; padding: 3px;\" alt=\"Picture\" src=\"https:\/\/i0.wp.com\/tedxportoalegre.com.br\/2010\/wp-content\/uploads\/2010\/08\/artista_image2-e1287535307828.jpg?w=640\" \/><\/span><\/p>\n<div class=\"paragraph\" style=\"text-align: justify; display: block;\"><strong>Walmor Corr\u00eaa<\/strong> teve seu primeiro contato com o universo da arte ainda na escola, ao desenhar animais dissecados nas aulas de Biologia. Descobriu ali seu poder de inven\u00e7\u00e3o. Hoje \u00e9 autor de composi\u00e7\u00f5es, desenhos e esculturas que criam animais inexistentes, misturas de aves com peixes, de mam\u00edferos com r\u00e9pteis. Em 2004 participou da 26\u00aa Bienal Internacional de Artes de S\u00e3o Paulo e em 2008 ganhou dois Pr\u00eamios A\u00e7orianos, concedidos pela Prefeitura de Porto Alegre. Em um de seus trabalhos recentes, Walmor apropriou-se do folclore brasileiro e fez disseca\u00e7\u00f5es imagin\u00e1rias de seres como Ondina, Capelobo e Curupira.<\/div>\n<hr style=\"width: 100%; visibility: hidden; clear: both;\" \/>\n<hr style=\"width: 100%; visibility: hidden; clear: both;\" \/>\n<h2 style=\"text-align: right;\"><span style=\"font-weight: normal;\">Julio<\/span>Vasconcellos<\/h2>\n<p><span style=\"position: relative; float: left; z-index: 10;\"><img data-recalc-dims=\"1\" decoding=\"async\" class=\"galleryImageBorder\" style=\"margin: 5px 10px 10px 0px; border-width: 1px; padding: 3px;\" alt=\"Picture\" src=\"https:\/\/i0.wp.com\/tedxportoalegre.com.br\/2010\/wp-content\/uploads\/2010\/08\/IMG_1583-e1287630364154.jpg?w=640\" \/><\/span><\/p>\n<div class=\"paragraph\" style=\"text-align: justify; display: block;\"><strong>Julio Vasconcellos<\/strong> \u00e9 formado em Finan\u00e7as e Marketing pela Wharton University, nos Estados Unidos, e desde ent\u00e3o tem visto na internet a melhor oportunidade de trabalho. Morou no Vale do Sil\u00edcio, onde fez MBA, foi diretor comercial da rede social Experience Project e respons\u00e1vel pelo crescimento da base de usu\u00e1rios da empresa de 5 mil para 4 milh\u00f5es de pessoas. Especialista em m\u00eddias sociais, Julio j\u00e1 ministrou aulas sobre marketing viral e m\u00eddias sociais na Stanford University. Hoje \u00e9 representante do Facebook no Brasil e s\u00f3cio criador do site de compras coletivas Peixe Urbano, um dos lan\u00e7amentos mais comentados do ano.<\/div>\n<hr style=\"width: 100%; visibility: hidden; clear: both;\" \/>\n<hr style=\"width: 100%; visibility: hidden; clear: both;\" \/>\n<h2 style=\"text-align: right;\"><span style=\"font-weight: normal;\">Gustavo<\/span>Borba<\/h2>\n<p><span style=\"position: relative; float: left; z-index: 10;\"><img data-recalc-dims=\"1\" decoding=\"async\" class=\"galleryImageBorder\" style=\"margin: 5px 10px 10px 0px; border-width: 1px; padding: 3px;\" alt=\"Picture\" src=\"https:\/\/i0.wp.com\/tedxportoalegre.com.br\/2010\/wp-content\/uploads\/2010\/08\/DSC1903-e1287631128378.jpg?w=640\" \/><\/span><\/p>\n<div class=\"paragraph\" style=\"text-align: justify; display: block;\"><strong>Gustavo Borba<\/strong> possui gradua\u00e7\u00e3o em Engenharia El\u00e9trica e doutorado em Engenharia de Produ\u00e7\u00e3o. Atua h\u00e1 mais de 10 anos em consultorias de engenharia de produ\u00e7\u00e3o e gest\u00e3o universit\u00e1ria. Al\u00e9m disso, j\u00e1 trabalhou como gestor de ONGs dedicadas ao apoio a pacientes portadores de HIV do hospital da UFSM. Atualmente \u00e9 consultor de empresas e Diretor de Gradua\u00e7\u00e3o da Universidade do Vale do Rio dos Sinos.<\/div>\n<hr style=\"width: 100%; visibility: hidden; clear: both;\" \/>\n<hr style=\"width: 100%; visibility: hidden; clear: both;\" \/>\n<h2 style=\"text-align: right;\"><span style=\"font-weight: normal;\">Txai<\/span>Brasil<\/h2>\n<p><span style=\"position: relative; float: left; z-index: 10;\"><img data-recalc-dims=\"1\" decoding=\"async\" class=\"galleryImageBorder\" style=\"margin: 5px 10px 10px 0px; border-width: 1px; padding: 3px;\" alt=\"Picture\" src=\"https:\/\/i0.wp.com\/tedxportoalegre.com.br\/2010\/wp-content\/uploads\/2010\/08\/TxaiPB2-e1287085899656.jpg?w=640\" \/><\/span><\/p>\n<div class=\"paragraph\" style=\"text-align: justify; display: block;\"><strong>Txai Brasil<\/strong> \u00e9 engenheiro eletricista por forma\u00e7\u00e3o, mestre e doutorando em Meio Ambiente. Desde 1992 trabalha com energia renov\u00e1vel e mudan\u00e7as clim\u00e1ticas, participando do desenvolvimento de projetos de redu\u00e7\u00e3o de emiss\u00e3o de gases do efeito estufa. J\u00e1 coordenou mais de 600 planos de compensa\u00e7\u00e3o de emiss\u00f5es por restauro florestal, viabilizou o plantio de mais de 300 000 \u00e1rvores nativas, foi consultor do Banco Mundial e da ONU. Al\u00e9m disso, Txai ainda \u00e9 capoeirista, mestre aikido, compositor, cantor e violonista. Em 2005 lan\u00e7ou o disco \u201cAonde o Brasil \u00e9 mais Brasil\u201d, primeiro CD Carbon Free do planeta.<\/div>\n<hr style=\"width: 100%; visibility: hidden; clear: both;\" \/>\n<hr style=\"width: 100%; visibility: hidden; clear: both;\" \/>\n<h2 style=\"text-align: right;\"><span style=\"font-weight: normal;\">Adriana<\/span>Brondani<\/h2>\n<p><span style=\"position: relative; float: left; z-index: 10;\"><img data-recalc-dims=\"1\" decoding=\"async\" class=\"galleryImageBorder\" style=\"margin: 5px 10px 10px 0px; border-width: 1px; padding: 3px;\" alt=\"Picture\" src=\"https:\/\/i0.wp.com\/tedxportoalegre.com.br\/2010\/wp-content\/uploads\/2010\/08\/adriana_bondrani-e1285977716706.jpg?w=640\" \/><\/span><\/p>\n<div class=\"paragraph\" style=\"text-align: justify; display: block;\"><strong>Adriana Brondani<\/strong> \u00e9 doutora em Ci\u00eancias Biol\u00f3gicas, professora e pesquisadora na \u00e1rea de Biologia do C\u00e2ncer. Tem publica\u00e7\u00f5es em livros, artigos em revistas internacionais, disserta\u00e7\u00f5es e teses de doutorado, mas o trabalho de divulga\u00e7\u00e3o cient\u00edfica de Adriana vai muito al\u00e9m do mundo acad\u00eamico. Desde 2007 ela mant\u00e9m o QUED, site voltado para o p\u00fablico jovem que responde d\u00favidas de ci\u00eancias da vida em at\u00e9 24 horas. Al\u00e9m disso, desenvolve anima\u00e7\u00f5es com conte\u00fado cient\u00edfico para a TVCOM, de Porto Alegre, produz v\u00eddeo aulas para a internet e ainda roteiriza e apresenta o programa Galera de Atitude, exibido na TVE-RS.<\/div>\n<hr style=\"width: 100%; visibility: hidden; clear: both;\" \/>\n<hr style=\"width: 100%; visibility: hidden; clear: both;\" \/>\n<h2 style=\"text-align: right;\"><span style=\"font-weight: normal;\">Tiago<\/span>Mattos<\/h2>\n<p><span style=\"position: relative; float: left; z-index: 10;\"><img data-recalc-dims=\"1\" decoding=\"async\" class=\"galleryImageBorder\" style=\"margin: 5px 10px 10px 0px; border-width: 1px; padding: 3px;\" alt=\"Picture\" src=\"https:\/\/i0.wp.com\/tedxportoalegre.com.br\/2010\/wp-content\/uploads\/2010\/08\/Tiago-copy1-e1285989180451.jpg?w=640\" \/><\/span><\/p>\n<div class=\"paragraph\" style=\"text-align: justify; display: block;\"><strong>Tiago Mattos<\/strong> gosta de dizer que \u00e9 um profissional multi-tarefas: publicit\u00e1rio, empres\u00e1rio, roteirista, produtor, consultor, escritor, diretor, palestrante e professor das mais diversas \u00e1reas. Trabalhou como redator em publicidade por mais de 10 anos e, em 2007, ajudou a fundar a Perestroika, uma escola de atividades criativas. Hoje Tiago desempenha l\u00e1 o sat\u00edrico cargo de Director of Whatever.<\/div>\n<hr style=\"width: 100%; visibility: hidden; clear: both;\" \/>\n<hr style=\"width: 100%; visibility: hidden; clear: both;\" \/>\n<h2 style=\"text-align: right;\"><span style=\"font-weight: normal;\">Elio<\/span>Lazzarotto<\/h2>\n<p><span style=\"position: relative; float: left; z-index: 10;\"><img data-recalc-dims=\"1\" decoding=\"async\" class=\"galleryImageBorder\" style=\"margin: 5px 10px 10px 0px; border-width: 1px; padding: 3px;\" alt=\"Picture\" src=\"https:\/\/i0.wp.com\/tedxportoalegre.com.br\/2010\/wp-content\/uploads\/2010\/08\/ElioLazzarotto-e1285622498985.jpg?w=640\" \/><\/span><\/p>\n<div class=\"paragraph\" style=\"text-align: justify; display: block;\"><strong>Elio Lazzarotto<\/strong> \u00e9 a prova viva de que Papai Noel existe e que, inclusive, \u00e9 brasileiro. Utilizando um helic\u00f3ptero ao inv\u00e9s do tradicional tren\u00f3, o bom velhinho percorre a regi\u00e3o sul do pa\u00eds, indo onde quer que o esp\u00edrito natalino seja chamado. Elio realiza esse trabalho desde 1999 e, de l\u00e1 para c\u00e1, j\u00e1 visitou mais de 500 cidades, bateu recordes e at\u00e9 conseguiu um CEP exclusivo junto aos Correios.<\/div>\n<hr style=\"width: 100%; visibility: hidden; clear: both;\" \/>\n<hr style=\"width: 100%; visibility: hidden; clear: both;\" \/>\n<h2 style=\"text-align: right;\"><span style=\"font-weight: normal;\">Dhaval<\/span>Chadha<\/h2>\n<p><span style=\"position: relative; float: left; z-index: 10;\"><img data-recalc-dims=\"1\" decoding=\"async\" class=\"galleryImageBorder\" style=\"margin: 5px 10px 10px 0px; border-width: 1px; padding: 3px;\" alt=\"Picture\" src=\"https:\/\/i0.wp.com\/tedxportoalegre.com.br\/2010\/wp-content\/uploads\/2010\/08\/Dhaval-e1285621989147.jpg?w=640\" \/><\/span><\/p>\n<div class=\"paragraph\" style=\"text-align: justify; display: block;\"><strong>Dhaval Chadha<\/strong> nasceu e cresceu na \u00cdndia, estudou nos Estados Unidos e hoje mora no Rio de Janeiro. Cientista social por Harvard e futurista pela Singularity University, Dhaval \u00e9 um empreendedor e inovador que combina estrat\u00e9gia e criatividade na busca por um mundo mais justo e sustent\u00e1vel. J\u00e1 foi Gerente de Inova\u00e7\u00e3o do Comit\u00ea para Democratiza\u00e7\u00e3o da Inform\u00e1tica, curador do TEDxSudeste e escreve sobre inova\u00e7\u00e3o social para o site da Skoll Foundation. Atualmente ele est\u00e1 dando os primeiros passos com a sua pr\u00f3pria empresa, a CRIA &#8211; Intelig\u00eancia Criativa Sustent\u00e1vel.<\/div>\n<hr style=\"width: 100%; visibility: hidden; clear: both;\" \/>\n<hr style=\"width: 100%; visibility: hidden; clear: both;\" \/>\n<h2 style=\"text-align: right;\"><span style=\"font-weight: normal;\">Graziela<\/span>Tanaka<\/h2>\n<p><span style=\"position: relative; float: left; z-index: 10;\"><img data-recalc-dims=\"1\" decoding=\"async\" class=\"galleryImageBorder\" style=\"margin: 5px 10px 10px 0px; border-width: 1px; padding: 3px;\" alt=\"Picture\" src=\"https:\/\/i0.wp.com\/tedxportoalegre.com.br\/2010\/wp-content\/uploads\/2010\/08\/IMG_0144000-e1287968868345.jpg?w=640\" \/><\/span><\/p>\n<div class=\"paragraph\" style=\"text-align: justify; display: block;\"><strong>Graziela Tanaka<\/strong> \u00e9 uma ativista por voca\u00e7\u00e3o. J\u00e1 lutou por causas de todos os tipos, de inclus\u00e3o digital e campanhas de preven\u00e7\u00e3o \u00e0 AIDS, no Rio de Janeiro, at\u00e9 direitos de imigrantes nos Estados Unidos. Desde 2007 ela desempenha a fun\u00e7\u00e3o de Coordenadora de Campanhas da Avaaz.org, ONG de ativismo on-line com mais cinco milh\u00f5es de membros ao redor do mundo. Junto \u00e0 Avaaz, Graziela ajudou na constru\u00e7\u00e3o do projeto Ficha Limpa, que bane a candidatura de pol\u00edticos corruptos nas elei\u00e7\u00f5es.<\/div>\n<hr style=\"width: 100%; visibility: hidden; clear: both;\" \/>\n<hr style=\"width: 100%; visibility: hidden; clear: both;\" \/>\n<h2 style=\"text-align: right;\"><span style=\"font-weight: normal;\">Rosana<\/span>Hermann<\/h2>\n<p><span style=\"position: relative; float: left; z-index: 10;\"><img data-recalc-dims=\"1\" decoding=\"async\" class=\"galleryImageBorder\" style=\"margin: 5px 10px 10px 0px; border-width: 1px; padding: 3px;\" alt=\"Picture\" src=\"https:\/\/i0.wp.com\/tedxportoalegre.com.br\/2010\/wp-content\/uploads\/2010\/08\/rosanahermann.jpg?w=640\" \/><\/span><\/p>\n<div class=\"paragraph\" style=\"text-align: justify; display: block;\"><strong>Rosana Hermann<\/strong> trabalha como jornalista, roteirista, escritora, blogueira e twitteira, ainda que tenha bacharelado em F\u00edsica e p\u00f3s-gradua\u00e7\u00e3o em F\u00edsica Nuclear. Escreve o Blog Skype Brasil, \u00e9 gerente de cria\u00e7\u00e3o do portal R7, jurada do pr\u00eamio The Bobs, da Deutsche Welle, e tem orgulho de incluir na carreira o fato coerente de saber fazer tric\u00f4.<\/div>\n<hr style=\"width: 100%; visibility: hidden; clear: both;\" \/>\n<hr style=\"width: 100%; visibility: hidden; clear: both;\" \/>\n<h2 style=\"text-align: right;\"><span style=\"font-weight: normal;\">Gilberto<\/span>Schwartsmann<\/h2>\n<p><span style=\"position: relative; float: left; z-index: 10;\"><img data-recalc-dims=\"1\" decoding=\"async\" class=\"galleryImageBorder\" style=\"margin: 5px 10px 10px 0px; border-width: 1px; padding: 3px;\" alt=\"Picture\" src=\"https:\/\/i0.wp.com\/tedxportoalegre.com.br\/2010\/wp-content\/uploads\/2010\/08\/gilbertoschwartsmann.jpg?w=640\" \/><\/span><\/p>\n<div class=\"paragraph\" style=\"text-align: justify; display: block;\"><strong>Gilberto Schwartsmann<\/strong> \u00e9 m\u00e9dico oncologista, professor e pesquisador pelo Hospital de Cl\u00ednicas de Porto Alegre, da Universidade Federal do Rio Grande do Sul. \u00c9 membro da Academia Nacional de Medicina, preside a Funda\u00e7\u00e3o SOAD de Pesquisas de Novas Drogas Contra o C\u00e2ncer e, al\u00e9m disto, \u00e9 propriet\u00e1rio da Vin\u00edcola Laurentia.<\/div>\n<hr style=\"width: 100%; visibility: hidden; clear: both;\" \/>\n<hr style=\"width: 100%; visibility: hidden; clear: both;\" \/>\n<h2 style=\"text-align: right;\"><span style=\"font-weight: normal;\">RubeM<\/span>Saldanha<\/h2>\n<p><span style=\"position: relative; float: left; z-index: 10;\"><img data-recalc-dims=\"1\" decoding=\"async\" class=\"galleryImageBorder\" style=\"margin: 5px 10px 10px 0px; border-width: 1px; padding: 3px;\" alt=\"Picture\" src=\"https:\/\/i0.wp.com\/tedxportoalegre.com.br\/2010\/wp-content\/uploads\/2010\/08\/rubem_paulo-e1285715813609.jpg?w=640\" \/><\/span><\/p>\n<div class=\"paragraph\" style=\"text-align: justify; display: block;\"><strong>RubeM Saldanha<\/strong> \u00e9 formado em ci\u00eancia da computa\u00e7\u00e3o e mestre em educa\u00e7\u00e3o integrada. J\u00e1 atuou na funda\u00e7\u00e3o Ayrton Senna, TV Cultura e Microsoft. Atualmente, trabalha como Gerente de Educa\u00e7\u00e3o da Intel no Brasil, onde atua junto a jovens cientistas estimulando a produ\u00e7\u00e3o de conhecimento.<\/div>\n<hr style=\"width: 100%; visibility: hidden; clear: both;\" \/>\n<hr style=\"width: 100%; visibility: hidden; clear: both;\" \/>\n<\/div>\n","protected":false},"excerpt":{"rendered":"<p>Assim como em todo evento TED ou TEDx, as palestras ser\u00e3o a ess\u00eancia do TEDxPortoAlegre . Ao todo, 20 pessoas subir\u00e3o ao palco para expor, explicar e conquistar o p\u00fablico com as paix\u00f5es que os inspiram &#8211; e sem cobrar nada por isso. Confira abaixo os palestrantes j\u00e1 confirmados, al\u00e9m da nossa mestre de cerim\u00f4nias: MestredeCerim\u00f4nias RenataSim\u00f5es Renata Sim\u00f5es trabalha com suas paix\u00f5es: m\u00fasica e entretenimento. A pernambucana com sotaque paulista, ex-rep\u00f3rter do V\u00eddeo Show que j\u00e1 quis ser astronauta, \u00e9 a atual apresentadora do programa Urbano, no Multishow. Renata [&hellip;]<\/p>\n","protected":false},"author":1,"featured_media":0,"parent":0,"menu_order":2,"comment_status":"closed","ping_status":"closed","template":"onecolumn-page.php","meta":{"advanced_seo_description":"","jetpack_seo_html_title":"","jetpack_seo_noindex":false,"jetpack_post_was_ever_published":false,"footnotes":""},"class_list":["post-147","page","type-page","status-publish","hentry"],"jetpack_sharing_enabled":true,"jetpack_shortlink":"https:\/\/wp.me\/P2Pi7i-2n","jetpack_likes_enabled":true,"jetpack-related-posts":[],"_links":{"self":[{"href":"https:\/\/tedxportoalegre.com.br\/2010\/wp-json\/wp\/v2\/pages\/147","targetHints":{"allow":["GET"]}}],"collection":[{"href":"https:\/\/tedxportoalegre.com.br\/2010\/wp-json\/wp\/v2\/pages"}],"about":[{"href":"https:\/\/tedxportoalegre.com.br\/2010\/wp-json\/wp\/v2\/types\/page"}],"author":[{"embeddable":true,"href":"https:\/\/tedxportoalegre.com.br\/2010\/wp-json\/wp\/v2\/users\/1"}],"replies":[{"embeddable":true,"href":"https:\/\/tedxportoalegre.com.br\/2010\/wp-json\/wp\/v2\/comments?post=147"}],"version-history":[{"count":93,"href":"https:\/\/tedxportoalegre.com.br\/2010\/wp-json\/wp\/v2\/pages\/147\/revisions"}],"predecessor-version":[{"id":17323,"href":"https:\/\/tedxportoalegre.com.br\/2010\/wp-json\/wp\/v2\/pages\/147\/revisions\/17323"}],"wp:attachment":[{"href":"https:\/\/tedxportoalegre.com.br\/2010\/wp-json\/wp\/v2\/media?parent=147"}],"curies":[{"name":"wp","href":"https:\/\/api.w.org\/{rel}","templated":true}]}}